{"id":3001,"date":"2024-07-04T11:30:40","date_gmt":"2024-07-04T09:30:40","guid":{"rendered":"https:\/\/www.hotelreehorst.nl\/questions-frequemment-posees\/"},"modified":"2026-02-26T18:26:08","modified_gmt":"2026-02-26T16:26:08","slug":"questions-frequemment-posees","status":"publish","type":"page","link":"https:\/\/www.hotelreehorst.nl\/fr\/questions-frequemment-posees\/","title":{"rendered":"Questions fr\u00e9quemment pos\u00e9es"},"content":{"rendered":"<div class=\"wpb-content-wrapper\"><p>[vc_section][vc_row][vc_column][header afbeelding=\u00a0\u00bb2809&Prime; titel=\u00a0\u00bbVeelgestelde vragen\u00a0\u00bb]<\/p>\n<p style=\"text-align: center;\">Vous trouverez ci-dessous les questions les plus fr\u00e9quemment pos\u00e9es, class\u00e9es par th\u00e8me.<\/p>\n<p>[\/header][\/vc_column][\/vc_row][\/vc_section][vc_section css=\u00a0\u00bb.vc_custom_1720088483585{background-color: #000000 !important;}\u00a0\u00bb][vc_row][vc_column][vc_column_text]\n\t\t<section class=\"faq full\">\n\n\t\t\t\n\t\t\t\t<details id=\"faq-cat-107\">\n\t\t\t\t\t<summary class=\"h3\">\n\t\t\t\t\t\tChambres et suites\t\t\t\t\t<\/summary>\n\n\t\t\t\t\t<section class=\"content\">\n\t\t\t\t\t\t\n\t\t\t\t\t\t\t\t<details id=\"faq-3031\">\n\t\t\t\t\t\t\t\t\t<summary class=\"vraag\" role=\"button\">\n\t\t\t\t\t\t\t\t\t\tLes chambres et les suites sont-elles climatis\u00e9es ?\t\t\t\t\t\t\t\t\t<\/summary>\n\t\t\t\t\t\t\t\t\t<article class=\"content antwoord\">\n\t\t\t\t\t\t\t\t\t\t<p>Des climatiseurs mobiles sont disponibles.<\/p>\n\t\t\t\t\t\t\t\t\t<\/article>\n\t\t\t\t\t\t\t\t<\/details>\n\n\t\t\t\t\t\t\t\t\t\t\t\t<\/section>\n\t\t\t\t<\/details>\n\n\t\t\t\n\t\t\t\t<details id=\"faq-cat-104\">\n\t\t\t\t\t<summary class=\"h3\">\n\t\t\t\t\t\tH\u00f4tel et situation\t\t\t\t\t<\/summary>\n\n\t\t\t\t\t<section class=\"content\">\n\t\t\t\t\t\t\n\t\t\t\t\t\t\t\t<details id=\"faq-5440\">\n\t\t\t\t\t\t\t\t\t<summary class=\"vraag\" role=\"button\">\n\t\t\t\t\t\t\t\t\t\tPuis-je recharger ma voiture \u00e9lectrique ?\t\t\t\t\t\t\t\t\t<\/summary>\n\t\t\t\t\t\t\t\t\t<article class=\"content antwoord\">\n\t\t\t\t\t\t\t\t\t\t<p>Oui, vous pouvez recharger votre voiture \u00e9lectrique \u00e0 une borne de recharge situ\u00e9e dans notre parking. La disponibilit\u00e9 d&rsquo;une borne de recharge n&rsquo;est pas garantie. <\/p>\n\t\t\t\t\t\t\t\t\t<\/article>\n\t\t\t\t\t\t\t\t<\/details>\n\n\t\t\t\t\t\t\t\t\t\t\t\t<\/section>\n\t\t\t\t<\/details>\n\n\t\t\t\n\t\t\t\t<details id=\"faq-cat-76\">\n\t\t\t\t\t<summary class=\"h3\">\n\t\t\t\t\t\tEnregistrement et arriv\u00e9e\t\t\t\t\t<\/summary>\n\n\t\t\t\t\t<section class=\"content\">\n\t\t\t\t\t\t\n\t\t\t\t\t\t\t\t<details id=\"faq-3189\">\n\t\t\t\t\t\t\t\t\t<summary class=\"vraag\" role=\"button\">\n\t\t\t\t\t\t\t\t\t\tJ&rsquo;arrive t\u00f4t, est-il possible de proc\u00e9der \u00e0 un enregistrement anticip\u00e9 ?\t\t\t\t\t\t\t\t\t<\/summary>\n\t\t\t\t\t\t\t\t\t<article class=\"content antwoord\">\n\t\t\t\t\t\t\t\t\t\t<p>Oui ! Moyennant un suppl\u00e9ment limit\u00e9, vous pouvez vous enregistrer \u00e0 partir de 14h00. L&rsquo;enregistrement avant 14h00 est soumis \u00e0 la disponibilit\u00e9 le jour m\u00eame.<\/p>\n\t\t\t\t\t\t\t\t\t<\/article>\n\t\t\t\t\t\t\t\t<\/details>\n\n\t\t\t\t\t\t\t\n\t\t\t\t\t\t\t\t<details id=\"faq-3180\">\n\t\t\t\t\t\t\t\t\t<summary class=\"vraag\" role=\"button\">\n\t\t\t\t\t\t\t\t\t\tJ&rsquo;ai re\u00e7u un courriel m&rsquo;invitant \u00e0 m&rsquo;enregistrer en ligne, est-ce obligatoire ?\t\t\t\t\t\t\t\t\t<\/summary>\n\t\t\t\t\t\t\t\t\t<article class=\"content antwoord\">\n\t\t\t\t\t\t\t\t\t\t<p>Non, ce n&rsquo;est pas obligatoire. Il acc\u00e9l\u00e8re le processus d&rsquo;enregistrement.<\/p>\n\t\t\t\t\t\t\t\t\t<\/article>\n\t\t\t\t\t\t\t\t<\/details>\n\n\t\t\t\t\t\t\t\n\t\t\t\t\t\t\t\t<details id=\"faq-3169\">\n\t\t\t\t\t\t\t\t\t<summary class=\"vraag\" role=\"button\">\n\t\t\t\t\t\t\t\t\t\tQuels sont les documents requis pour l&rsquo;enregistrement ?\t\t\t\t\t\t\t\t\t<\/summary>\n\t\t\t\t\t\t\t\t\t<article class=\"content antwoord\">\n\t\t\t\t\t\t\t\t\t\t<p>En raison des r\u00e8gles de s\u00e9curit\u00e9, un passeport, un permis de conduire ou une carte d&rsquo;identit\u00e9 en cours de validit\u00e9 est demand\u00e9 \u00e0 chaque client de l&rsquo;h\u00f4tel avant l&rsquo;enregistrement.<\/p>\n\t\t\t\t\t\t\t\t\t<\/article>\n\t\t\t\t\t\t\t\t<\/details>\n\n\t\t\t\t\t\t\t\n\t\t\t\t\t\t\t\t<details id=\"faq-3187\">\n\t\t\t\t\t\t\t\t\t<summary class=\"vraag\" role=\"button\">\n\t\t\t\t\t\t\t\t\t\tJusqu&rsquo;\u00e0 quelle heure puis-je m&rsquo;enregistrer ?\t\t\t\t\t\t\t\t\t<\/summary>\n\t\t\t\t\t\t\t\t\t<article class=\"content antwoord\">\n\t\t\t\t\t\t\t\t\t\t<p>Tous les clients de l&rsquo;h\u00f4tel peuvent s&rsquo;enregistrer jusqu&rsquo;\u00e0 23h00. Vous arrivez apr\u00e8s 23h00 ? Si c&rsquo;est le cas, veuillez contacter notre r\u00e9ception en temps utile. Sans contact, la chambre peut \u00e9ventuellement \u00eatre lib\u00e9r\u00e9e apr\u00e8s 23h00.<\/p>\n\t\t\t\t\t\t\t\t\t<\/article>\n\t\t\t\t\t\t\t\t<\/details>\n\n\t\t\t\t\t\t\t\n\t\t\t\t\t\t\t\t<details id=\"faq-3171\">\n\t\t\t\t\t\t\t\t\t<summary class=\"vraag\" role=\"button\">\n\t\t\t\t\t\t\t\t\t\t\u00c0 partir de quelle heure puis-je m&rsquo;enregistrer ?\t\t\t\t\t\t\t\t\t<\/summary>\n\t\t\t\t\t\t\t\t\t<article class=\"content antwoord\">\n\t\t\t\t\t\t\t\t\t\t<p>Tous les clients de l&rsquo;h\u00f4tel peuvent s&rsquo;enregistrer \u00e0 partir de 15h00. Moyennant un suppl\u00e9ment, vous pouvez r\u00e9server un enregistrement anticip\u00e9 \u00e0 partir de 14h00.<\/p>\n\t\t\t\t\t\t\t\t\t<\/article>\n\t\t\t\t\t\t\t\t<\/details>\n\n\t\t\t\t\t\t\t\t\t\t\t\t<\/section>\n\t\t\t\t<\/details>\n\n\t\t\t\n\t\t\t\t<details id=\"faq-cat-70\">\n\t\t\t\t\t<summary class=\"h3\">\n\t\t\t\t\t\tH\u00f4tel et situation\t\t\t\t\t<\/summary>\n\n\t\t\t\t\t<section class=\"content\">\n\t\t\t\t\t\t\n\t\t\t\t\t\t\t\t<details id=\"faq-3120\">\n\t\t\t\t\t\t\t\t\t<summary class=\"vraag\" role=\"button\">\n\t\t\t\t\t\t\t\t\t\tL&rsquo;h\u00f4tel est-il accessible aux personnes en fauteuil roulant ?\t\t\t\t\t\t\t\t\t<\/summary>\n\t\t\t\t\t\t\t\t\t<article class=\"content antwoord\">\n\t\t\t\t\t\t\t\t\t\t<p>L&rsquo;h\u00f4tel est accessible aux personnes en fauteuil roulant. Les chambres de type classique avec baignoire et toutes les suites sont accessibles aux personnes en fauteuil roulant.<\/p>\n\t\t\t\t\t\t\t\t\t<\/article>\n\t\t\t\t\t\t\t\t<\/details>\n\n\t\t\t\t\t\t\t\n\t\t\t\t\t\t\t\t<details id=\"faq-3134\">\n\t\t\t\t\t\t\t\t\t<summary class=\"vraag\" role=\"button\">\n\t\t\t\t\t\t\t\t\t\tL&rsquo;h\u00f4tel est-il proche des commerces ?\t\t\t\t\t\t\t\t\t<\/summary>\n\t\t\t\t\t\t\t\t\t<article class=\"content antwoord\">\n\t\t\t\t\t\t\t\t\t\t<p>Un supermarch\u00e9, une pharmacie et d&rsquo;autres magasins sp\u00e9cialis\u00e9s se trouvent \u00e0 500 m\u00e8tres (8 minutes de marche). Ede Centrum est \u00e0 2 kilom\u00e8tres (30 minutes \u00e0 pied, 8 minutes \u00e0 v\u00e9lo, 5 minutes en voiture).<\/p>\n\t\t\t\t\t\t\t\t\t<\/article>\n\t\t\t\t\t\t\t\t<\/details>\n\n\t\t\t\t\t\t\t\n\t\t\t\t\t\t\t\t<details id=\"faq-3148\">\n\t\t\t\t\t\t\t\t\t<summary class=\"vraag\" role=\"button\">\n\t\t\t\t\t\t\t\t\t\tVendez-vous des billets de train ou de bus ?\t\t\t\t\t\t\t\t\t<\/summary>\n\t\t\t\t\t\t\t\t\t<article class=\"content antwoord\">\n\t\t\t\t\t\t\t\t\t\t<p>Nous pouvons vous aider \u00e0 le faire, mais vous pouvez \u00e9galement utiliser la carte bancaire avec laquelle vous vous \u00eates enregistr\u00e9 dans un p\u00f4le de puce OV.<\/p>\n\t\t\t\t\t\t\t\t\t<\/article>\n\t\t\t\t\t\t\t\t<\/details>\n\n\t\t\t\t\t\t\t\n\t\t\t\t\t\t\t\t<details id=\"faq-3164\">\n\t\t\t\t\t\t\t\t\t<summary class=\"vraag\" role=\"button\">\n\t\t\t\t\t\t\t\t\t\tJ&rsquo;ai besoin d&rsquo;un taxi pendant mon s\u00e9jour, pouvez-vous vous en charger ?\t\t\t\t\t\t\t\t\t<\/summary>\n\t\t\t\t\t\t\t\t\t<article class=\"content antwoord\">\n\t\t\t\t\t\t\t\t\t\t<p>Vous pouvez pr\u00e9ciser la destination souhait\u00e9e \u00e0 la r\u00e9ception. Nous ferons en sorte qu&rsquo;un taxi vous attende au jour et \u00e0 l&rsquo;heure souhait\u00e9s.<\/p>\n\t\t\t\t\t\t\t\t\t<\/article>\n\t\t\t\t\t\t\t\t<\/details>\n\n\t\t\t\t\t\t\t\n\t\t\t\t\t\t\t\t<details id=\"faq-3122\">\n\t\t\t\t\t\t\t\t\t<summary class=\"vraag\" role=\"button\">\n\t\t\t\t\t\t\t\t\t\tL&rsquo;h\u00f4tel est-il proche des transports publics ?\t\t\t\t\t\t\t\t\t<\/summary>\n\t\t\t\t\t\t\t\t\t<article class=\"content antwoord\">\n\t\t\t\t\t\t\t\t\t\t<p>La gare ferroviaire et routi\u00e8re d&rsquo;Ede-Wageningen se trouve \u00e0 400 m\u00e8tres (2 minutes \u00e0 pied) de l&rsquo;h\u00f4tel.<\/p>\n\t\t\t\t\t\t\t\t\t<\/article>\n\t\t\t\t\t\t\t\t<\/details>\n\n\t\t\t\t\t\t\t\n\t\t\t\t\t\t\t\t<details id=\"faq-3144\">\n\t\t\t\t\t\t\t\t\t<summary class=\"vraag\" role=\"button\">\n\t\t\t\t\t\t\t\t\t\tPuis-je me garer \u00e0 l&rsquo;h\u00f4tel ?\t\t\t\t\t\t\t\t\t<\/summary>\n\t\t\t\t\t\t\t\t\t<article class=\"content antwoord\">\n\t\t\t\t\t\t\t\t\t\t<p>Un grand parking situ\u00e9 juste derri\u00e8re l&rsquo;h\u00f4tel permet aux clients de l&rsquo;h\u00f4tel de se garer gratuitement.<\/p>\n\t\t\t\t\t\t\t\t\t<\/article>\n\t\t\t\t\t\t\t\t<\/details>\n\n\t\t\t\t\t\t\t\n\t\t\t\t\t\t\t\t<details id=\"faq-3156\">\n\t\t\t\t\t\t\t\t\t<summary class=\"vraag\" role=\"button\">\n\t\t\t\t\t\t\t\t\t\tQuelle est l&rsquo;adresse de l&rsquo;h\u00f4tel ?\t\t\t\t\t\t\t\t\t<\/summary>\n\t\t\t\t\t\t\t\t\t<article class=\"content antwoord\">\n\t\t\t\t\t\t\t\t\t\t<p>Bennekomseweg 24 &#8211; 6717LM &#8211; Ede &#8211; Pays-Bas<\/p>\n\t\t\t\t\t\t\t\t\t<\/article>\n\t\t\t\t\t\t\t\t<\/details>\n\n\t\t\t\t\t\t\t\t\t\t\t\t<\/section>\n\t\t\t\t<\/details>\n\n\t\t\t\n\t\t\t\t<details id=\"faq-cat-72\">\n\t\t\t\t\t<summary class=\"h3\">\n\t\t\t\t\t\tCheck-out et d\u00e9part\t\t\t\t\t<\/summary>\n\n\t\t\t\t\t<section class=\"content\">\n\t\t\t\t\t\t\n\t\t\t\t\t\t\t\t<details id=\"faq-3125\">\n\t\t\t\t\t\t\t\t\t<summary class=\"vraag\" role=\"button\">\n\t\t\t\t\t\t\t\t\t\tQue se passe-t-il si je suis oblig\u00e9 de partir plus t\u00f4t ?\t\t\t\t\t\t\t\t\t<\/summary>\n\t\t\t\t\t\t\t\t\t<article class=\"content antwoord\">\n\t\t\t\t\t\t\t\t\t\t<p>Si vous d\u00e9cidez de partir avant la fin de votre s\u00e9jour, aucun remboursement n&rsquo;est possible, quelles que soient les circonstances. Avec un tarif flexible, vous pouvez d\u00e9placer ou \u00e9ventuellement annuler votre r\u00e9servation jusqu&rsquo;\u00e0 48 heures avant votre s\u00e9jour.<\/p>\n\t\t\t\t\t\t\t\t\t<\/article>\n\t\t\t\t\t\t\t\t<\/details>\n\n\t\t\t\t\t\t\t\n\t\t\t\t\t\t\t\t<details id=\"faq-3140\">\n\t\t\t\t\t\t\t\t\t<summary class=\"vraag\" role=\"button\">\n\t\t\t\t\t\t\t\t\t\tJ&rsquo;ai perdu ou oubli\u00e9 quelque chose ! Que dois-je faire ?\t\t\t\t\t\t\t\t\t<\/summary>\n\t\t\t\t\t\t\t\t\t<article class=\"content antwoord\">\n\t\t\t\t\t\t\t\t\t\t<p>Nous allons vous aider ! Contactez-nous \u00e0 l&rsquo;adresse <a href=\"mailto:receptie@reehorst.nl\">receptie@reehorst.nl<\/a> ou au 0318 &#8211; 75 03 00.<\/p>\n\t\t\t\t\t\t\t\t\t<\/article>\n\t\t\t\t\t\t\t\t<\/details>\n\n\t\t\t\t\t\t\t\n\t\t\t\t\t\t\t\t<details id=\"faq-3160\">\n\t\t\t\t\t\t\t\t\t<summary class=\"vraag\" role=\"button\">\n\t\t\t\t\t\t\t\t\t\tPuis-je laisser temporairement mes bagages avant ou apr\u00e8s mon s\u00e9jour ?\t\t\t\t\t\t\t\t\t<\/summary>\n\t\t\t\t\t\t\t\t\t<article class=\"content antwoord\">\n\t\t\t\t\t\t\t\t\t\t<p>Oui ! Nous disposons d&rsquo;une zone de stockage des bagages ferm\u00e9e \u00e0 cl\u00e9 \u00e0 c\u00f4t\u00e9 de la r\u00e9ception. Vous laissez vos bagages personnels \u00e0 vos risques et p\u00e9rils.<\/p>\n\t\t\t\t\t\t\t\t\t<\/article>\n\t\t\t\t\t\t\t\t<\/details>\n\n\t\t\t\t\t\t\t\n\t\t\t\t\t\t\t\t<details id=\"faq-3143\">\n\t\t\t\t\t\t\t\t\t<summary class=\"vraag\" role=\"button\">\n\t\t\t\t\t\t\t\t\t\tPuis-je prolonger mon s\u00e9jour d&rsquo;une nuit ?\t\t\t\t\t\t\t\t\t<\/summary>\n\t\t\t\t\t\t\t\t\t<article class=\"content antwoord\">\n\t\t\t\t\t\t\t\t\t\t<p>Demandez \u00e0 notre r\u00e9ception les disponibilit\u00e9s les plus r\u00e9centes et, si possible, prolongez votre s\u00e9jour imm\u00e9diatement.<\/p>\n\t\t\t\t\t\t\t\t\t<\/article>\n\t\t\t\t\t\t\t\t<\/details>\n\n\t\t\t\t\t\t\t\n\t\t\t\t\t\t\t\t<details id=\"faq-3159\">\n\t\t\t\t\t\t\t\t\t<summary class=\"vraag\" role=\"button\">\n\t\t\t\t\t\t\t\t\t\tJ&rsquo;aimerais rester plus longtemps dans la suite ou la chambre, y a-t-il une possibilit\u00e9 de d\u00e9part tardif ?\t\t\t\t\t\t\t\t\t<\/summary>\n\t\t\t\t\t\t\t\t\t<article class=\"content antwoord\">\n\t\t\t\t\t\t\t\t\t\t<p>Oui ! Moyennant un petit suppl\u00e9ment, vous pouvez utiliser la chambre ou la suite jusqu&rsquo;\u00e0 12h00.<\/p>\n\t\t\t\t\t\t\t\t\t<\/article>\n\t\t\t\t\t\t\t\t<\/details>\n\n\t\t\t\t\t\t\t\n\t\t\t\t\t\t\t\t<details id=\"faq-3174\">\n\t\t\t\t\t\t\t\t\t<summary class=\"vraag\" role=\"button\">\n\t\t\t\t\t\t\t\t\t\tJusqu&rsquo;\u00e0 quelle heure puis-je quitter l&rsquo;h\u00f4tel ?\t\t\t\t\t\t\t\t\t<\/summary>\n\t\t\t\t\t\t\t\t\t<article class=\"content antwoord\">\n\t\t\t\t\t\t\t\t\t\t<p>Tous les clients de l&rsquo;h\u00f4tel doivent quitter l&rsquo;h\u00f4tel \u00e0 11h00 au plus tard. Moyennant un suppl\u00e9ment, vous pouvez r\u00e9server un d\u00e9part tardif jusqu&rsquo;\u00e0 12h00.<\/p>\n\t\t\t\t\t\t\t\t\t<\/article>\n\t\t\t\t\t\t\t\t<\/details>\n\n\t\t\t\t\t\t\t\t\t\t\t\t<\/section>\n\t\t\t\t<\/details>\n\n\t\t\t\n\t\t\t\t<details id=\"faq-cat-73\">\n\t\t\t\t\t<summary class=\"h3\">\n\t\t\t\t\t\tPetit d\u00e9jeuner\t\t\t\t\t<\/summary>\n\n\t\t\t\t\t<section class=\"content\">\n\t\t\t\t\t\t\n\t\t\t\t\t\t\t\t<details id=\"faq-3133\">\n\t\t\t\t\t\t\t\t\t<summary class=\"vraag\" role=\"button\">\n\t\t\t\t\t\t\t\t\t\tPuis-je prendre le petit-d\u00e9jeuner \u00e0 l&rsquo;h\u00f4tel en tant que client non h\u00f4telier ?\t\t\t\t\t\t\t\t\t<\/summary>\n\t\t\t\t\t\t\t\t\t<article class=\"content antwoord\">\n\t\t\t\t\t\t\t\t\t\t<p>Oui ! Nous accueillons tous les invit\u00e9s, qu&rsquo;ils viennent de pr\u00e8s ou de loin. Il n&rsquo;est pas n\u00e9cessaire d&rsquo;\u00eatre client de l&rsquo;h\u00f4tel pour prendre le petit-d\u00e9jeuner ou le d\u00eener au restaurant ou au bar.<\/p>\n\t\t\t\t\t\t\t\t\t<\/article>\n\t\t\t\t\t\t\t\t<\/details>\n\n\t\t\t\t\t\t\t\n\t\t\t\t\t\t\t\t<details id=\"faq-3124\">\n\t\t\t\t\t\t\t\t\t<summary class=\"vraag\" role=\"button\">\n\t\t\t\t\t\t\t\t\t\tLe buffet du petit-d\u00e9jeuner propose-t-il des plats sans gluten, sans lactose ou sans allergie ?\t\t\t\t\t\t\t\t\t<\/summary>\n\t\t\t\t\t\t\t\t\t<article class=\"content antwoord\">\n\t\t\t\t\t\t\t\t\t\t<p>Nous vous demandons d&rsquo;indiquer vos intol\u00e9rances ou allergies avant votre s\u00e9jour afin que nous puissions les pr\u00e9parer correctement. Pour plus d&rsquo;informations ;<\/p>\n\t\t\t\t\t\t\t\t\t<\/article>\n\t\t\t\t\t\t\t\t<\/details>\n\n\t\t\t\t\t\t\t\n\t\t\t\t\t\t\t\t<details id=\"faq-3139\">\n\t\t\t\t\t\t\t\t\t<summary class=\"vraag\" role=\"button\">\n\t\t\t\t\t\t\t\t\t\t\u00c0 quelles heures puis-je utiliser le buffet du petit-d\u00e9jeuner ?\t\t\t\t\t\t\t\t\t<\/summary>\n\t\t\t\t\t\t\t\t\t<article class=\"content antwoord\">\n\t\t\t\t\t\t\t\t\t\t<p>Le petit-d\u00e9jeuner buffet au restaurant Atelier est ouvert de 07h00 \u00e0 10h30.<\/p>\n\t\t\t\t\t\t\t\t\t<\/article>\n\t\t\t\t\t\t\t\t<\/details>\n\n\t\t\t\t\t\t\t\n\t\t\t\t\t\t\t\t<details id=\"faq-3150\">\n\t\t\t\t\t\t\t\t\t<summary class=\"vraag\" role=\"button\">\n\t\t\t\t\t\t\t\t\t\tDois-je r\u00e9server le petit-d\u00e9jeuner \u00e0 l&rsquo;avance ?\t\t\t\t\t\t\t\t\t<\/summary>\n\t\t\t\t\t\t\t\t\t<article class=\"content antwoord\">\n\t\t\t\t\t\t\t\t\t\t<p>Les r\u00e9servations sont obligatoires afin que nous puissions pr\u00e9parer correctement votre arriv\u00e9e.<\/p>\n\t\t\t\t\t\t\t\t\t<\/article>\n\t\t\t\t\t\t\t\t<\/details>\n\n\t\t\t\t\t\t\t\t\t\t\t\t<\/section>\n\t\t\t\t<\/details>\n\n\t\t\t\n\t\t\t\t<details id=\"faq-cat-65\">\n\t\t\t\t\t<summary class=\"h3\">\n\t\t\t\t\t\tD\u00eener\t\t\t\t\t<\/summary>\n\n\t\t\t\t\t<section class=\"content\">\n\t\t\t\t\t\t\t\t\t\t\t<\/section>\n\t\t\t\t<\/details>\n\n\t\t\t\n\t\t\t\t<details id=\"faq-cat-62\">\n\t\t\t\t\t<summary class=\"h3\">\n\t\t\t\t\t\tBarre\t\t\t\t\t<\/summary>\n\n\t\t\t\t\t<section class=\"content\">\n\t\t\t\t\t\t\n\t\t\t\t\t\t\t\t<details id=\"faq-3089\">\n\t\t\t\t\t\t\t\t\t<summary class=\"vraag\" role=\"button\">\n\t\t\t\t\t\t\t\t\t\tY a-t-il un bar \u00e0 disposition ?\t\t\t\t\t\t\t\t\t<\/summary>\n\t\t\t\t\t\t\t\t\t<article class=\"content antwoord\">\n\t\t\t\t\t\t\t\t\t\t<p>Oui, vous pouvez d\u00e9guster des boissons, des cocktails et des bouch\u00e9es au ZUZU Cocktail Club du lundi au samedi.<\/p>\n\t\t\t\t\t\t\t\t\t<\/article>\n\t\t\t\t\t\t\t\t<\/details>\n\n\t\t\t\t\t\t\t\t\t\t\t\t<\/section>\n\t\t\t\t<\/details>\n\n\t\t\t\n\t\t\t\t<details id=\"faq-cat-60\">\n\t\t\t\t\t<summary class=\"h3\">\n\t\t\t\t\t\tTournages et \u00e9v\u00e9nements\t\t\t\t\t<\/summary>\n\n\t\t\t\t\t<section class=\"content\">\n\t\t\t\t\t\t\n\t\t\t\t\t\t\t\t<details id=\"faq-3064\">\n\t\t\t\t\t\t\t\t\t<summary class=\"vraag\" role=\"button\">\n\t\t\t\t\t\t\t\t\t\tPuis-je organiser un \u00e9v\u00e9nement festif \u00e0 l&rsquo;h\u00f4tel ?\t\t\t\t\t\t\t\t\t<\/summary>\n\t\t\t\t\t\t\t\t\t<article class=\"content antwoord\">\n\t\t\t\t\t\t\t\t\t\t<p>Oui ! Il y a 39 salles diff\u00e9rentes dans diff\u00e9rents th\u00e8mes disponibles pour votre \u00e9v\u00e9nement. Qu&rsquo;il s&rsquo;agisse d&rsquo;un petit anniversaire, d&rsquo;une f\u00eate ou d&rsquo;une f\u00eate de grande envergure. Pour plus d&rsquo;informations : 0318 &#8211; 75 03 00.<\/p>\n\t\t\t\t\t\t\t\t\t<\/article>\n\t\t\t\t\t\t\t\t<\/details>\n\n\t\t\t\t\t\t\t\n\t\t\t\t\t\t\t\t<details id=\"faq-3061\">\n\t\t\t\t\t\t\t\t\t<summary class=\"vraag\" role=\"button\">\n\t\t\t\t\t\t\t\t\t\tPuis-je r\u00e9aliser une s\u00e9ance photo ou vid\u00e9o professionnelle dans les suites ?\t\t\t\t\t\t\t\t\t<\/summary>\n\t\t\t\t\t\t\t\t\t<article class=\"content antwoord\">\n\t\t\t\t\t\t\t\t\t\t<p>Oui ! Ceci n&rsquo;est autoris\u00e9 qu&rsquo;en accord avec la direction de l&rsquo;h\u00f4tel ReeHorst. Pour plus d&rsquo;informations, contactez <a href=\"mailto:receptie@reehorst.nl\">receptie@reehorst.nl<\/a><\/p>\n\t\t\t\t\t\t\t\t\t<\/article>\n\t\t\t\t\t\t\t\t<\/details>\n\n\t\t\t\t\t\t\t\t\t\t\t\t<\/section>\n\t\t\t\t<\/details>\n\n\t\t\t\n\t\t\t\t<details id=\"faq-cat-54\">\n\t\t\t\t\t<summary class=\"h3\">\n\t\t\t\t\t\tR\u00e9servations\t\t\t\t\t<\/summary>\n\n\t\t\t\t\t<section class=\"content\">\n\t\t\t\t\t\t\n\t\t\t\t\t\t\t\t<details id=\"faq-3792\">\n\t\t\t\t\t\t\t\t\t<summary class=\"vraag\" role=\"button\">\n\t\t\t\t\t\t\t\t\t\tEn quoi consistent les frais de r\u00e9servation ?\t\t\t\t\t\t\t\t\t<\/summary>\n\t\t\t\t\t\t\t\t\t<article class=\"content antwoord\">\n\t\t\t\t\t\t\t\t\t\t<p>Les frais de r\u00e9servation par nuit\u00e9e se composent de la somme de la taxe de s\u00e9jour, des frais administratifs et des frais de service.<\/p>\n\t\t\t\t\t\t\t\t\t<\/article>\n\t\t\t\t\t\t\t\t<\/details>\n\n\t\t\t\t\t\t\t\n\t\t\t\t\t\t\t\t<details id=\"faq-3046\">\n\t\t\t\t\t\t\t\t\t<summary class=\"vraag\" role=\"button\">\n\t\t\t\t\t\t\t\t\t\tComment effectuer une r\u00e9servation de groupe ?\t\t\t\t\t\t\t\t\t<\/summary>\n\t\t\t\t\t\t\t\t\t<article class=\"content antwoord\">\n\t\t\t\t\t\t\t\t\t\t<p>Les r\u00e9servations de groupe peuvent \u00eatre effectu\u00e9es en envoyant un courriel \u00e0 <a href=\"mailto:receptie@reehorst.nl\">receptie@reehorst.nl<\/a>. Vous serez ensuite contact\u00e9 rapidement pour discuter de la r\u00e9servation.  <\/p>\n\t\t\t\t\t\t\t\t\t<\/article>\n\t\t\t\t\t\t\t\t<\/details>\n\n\t\t\t\t\t\t\t\n\t\t\t\t\t\t\t\t<details id=\"faq-3037\">\n\t\t\t\t\t\t\t\t\t<summary class=\"vraag\" role=\"button\">\n\t\t\t\t\t\t\t\t\t\tQuelle est la diff\u00e9rence entre un taux avantageux et un taux flexible ?\t\t\t\t\t\t\t\t\t<\/summary>\n\t\t\t\t\t\t\t\t\t<article class=\"content antwoord\">\n\t\t\t\t\t\t\t\t\t\t<p>En optant pour un tarif avantageux, vous b\u00e9n\u00e9ficiez d&rsquo;avantages tarifaires suppl\u00e9mentaires, mais vous ne pouvez pas annuler, d\u00e9placer ou modifier la r\u00e9servation apr\u00e8s l&rsquo;avoir effectu\u00e9e. Dans ce cas, aucun remboursement n&rsquo;est possible et le paiement doit \u00eatre effectu\u00e9 en totalit\u00e9 avant le s\u00e9jour. En choisissant un tarif flexible, vous conservez une certaine flexibilit\u00e9 ; vous pouvez annuler ou d\u00e9placer la r\u00e9servation sans frais jusqu&rsquo;\u00e0 48 heures avant la date du s\u00e9jour. Au-del\u00e0 de 48 heures avant le s\u00e9jour, le montant total sera factur\u00e9. V\u00e9rifiez donc attentivement le tarif que vous choisissez.    <\/p>\n\t\t\t\t\t\t\t\t\t<\/article>\n\t\t\t\t\t\t\t\t<\/details>\n\n\t\t\t\t\t\t\t\n\t\t\t\t\t\t\t\t<details id=\"faq-3050\">\n\t\t\t\t\t\t\t\t\t<summary class=\"vraag\" role=\"button\">\n\t\t\t\t\t\t\t\t\t\tComment modifier ou annuler une r\u00e9servation ?\t\t\t\t\t\t\t\t\t<\/summary>\n\t\t\t\t\t\t\t\t\t<article class=\"content antwoord\">\n\t\t\t\t\t\t\t\t\t\t<p>Seules les r\u00e9servations avec un tarif flexible peuvent \u00eatre annul\u00e9es ou modifi\u00e9es. Modifiez ou annulez en nous contactant \u00e0 receptie@reehorst.nl ou au 0318 &#8211; 75 03 00. <\/p>\n\t\t\t\t\t\t\t\t\t<\/article>\n\t\t\t\t\t\t\t\t<\/details>\n\n\t\t\t\t\t\t\t\n\t\t\t\t\t\t\t\t<details id=\"faq-3057\">\n\t\t\t\t\t\t\t\t\t<summary class=\"vraag\" role=\"button\">\n\t\t\t\t\t\t\t\t\t\t\u00c0 partir de quel \u00e2ge puis-je r\u00e9server une chambre ou une suite ?\t\t\t\t\t\t\t\t\t<\/summary>\n\t\t\t\t\t\t\t\t\t<article class=\"content antwoord\">\n\t\t\t\t\t\t\t\t\t\t<p>Lors de l&rsquo;enregistrement, tous les clients doivent \u00eatre \u00e2g\u00e9s de 18 ans ou plus. Les mineurs sont les bienvenus s&rsquo;ils sont accompagn\u00e9s d&rsquo;au moins un parent adulte ou d&rsquo;un tuteur l\u00e9gal. Le parent ou le tuteur doit \u00e9galement s\u00e9journer \u00e0 l&rsquo;h\u00f4tel. Si le parent ou le tuteur ne porte pas manifestement le m\u00eame nom de famille que le mineur, ou si le mineur ne figure pas dans le passeport du parent ou du tuteur, il est obligatoire, pour les proc\u00e9dures de s\u00e9curit\u00e9, de fournir l&rsquo;identit\u00e9, l&rsquo;adresse r\u00e9sidentielle actuelle et le num\u00e9ro de t\u00e9l\u00e9phone du ou des parent(s) du mineur. Nous v\u00e9rifions l&rsquo;exactitude des informations fournies pour assurer la s\u00e9curit\u00e9 du mineur.  <\/p>\n\t\t\t\t\t\t\t\t\t<\/article>\n\t\t\t\t\t\t\t\t<\/details>\n\n\t\t\t\t\t\t\t\t\t\t\t\t<\/section>\n\t\t\t\t<\/details>\n\n\t\t\t\n\t\t<\/section>\n\n\t\t[\/vc_column_text][\/vc_column][\/vc_row][\/vc_section][vc_section][vc_row][vc_column][\/vc_column][\/vc_row][\/vc_section]<\/p>\n<\/div>","protected":false},"excerpt":{"rendered":"<p>[vc_section][vc_row][vc_column][header afbeelding=\u00a0\u00bb2809&Prime; titel=\u00a0\u00bbVeelgestelde vragen\u00a0\u00bb] Vous trouverez ci-dessous les questions les plus fr\u00e9quemment pos\u00e9es, class\u00e9es par th\u00e8me. [\/header][\/vc_column][\/vc_row][\/vc_section][vc_section css=\u00a0\u00bb.vc_custom_1720088483585{background-color: #000000 !important;}\u00a0\u00bb][vc_row][vc_column][vc_column_text][\/vc_column_text][\/vc_column][\/vc_row][\/vc_section][vc_section][vc_row][vc_column][\/vc_column][\/vc_row][\/vc_section]<\/p>\n","protected":false},"author":1,"featured_media":0,"parent":0,"menu_order":6,"comment_status":"closed","ping_status":"closed","template":"","meta":{"_acf_changed":false,"inline_featured_image":false,"footnotes":""},"class_list":["post-3001","page","type-page","status-publish","hentry"],"acf":[],"_links":{"self":[{"href":"https:\/\/www.hotelreehorst.nl\/fr\/wp-json\/wp\/v2\/pages\/3001","targetHints":{"allow":["GET"]}}],"collection":[{"href":"https:\/\/www.hotelreehorst.nl\/fr\/wp-json\/wp\/v2\/pages"}],"about":[{"href":"https:\/\/www.hotelreehorst.nl\/fr\/wp-json\/wp\/v2\/types\/page"}],"author":[{"embeddable":true,"href":"https:\/\/www.hotelreehorst.nl\/fr\/wp-json\/wp\/v2\/users\/1"}],"replies":[{"embeddable":true,"href":"https:\/\/www.hotelreehorst.nl\/fr\/wp-json\/wp\/v2\/comments?post=3001"}],"version-history":[{"count":6,"href":"https:\/\/www.hotelreehorst.nl\/fr\/wp-json\/wp\/v2\/pages\/3001\/revisions"}],"predecessor-version":[{"id":4913,"href":"https:\/\/www.hotelreehorst.nl\/fr\/wp-json\/wp\/v2\/pages\/3001\/revisions\/4913"}],"wp:attachment":[{"href":"https:\/\/www.hotelreehorst.nl\/fr\/wp-json\/wp\/v2\/media?parent=3001"}],"curies":[{"name":"wp","href":"https:\/\/api.w.org\/{rel}","templated":true}]}}